{"id":723,"date":"2026-03-18T07:43:42","date_gmt":"2026-03-18T07:43:42","guid":{"rendered":"https:\/\/fotonareks.si\/nov\/?page_id=723"},"modified":"2026-03-18T08:13:08","modified_gmt":"2026-03-18T08:13:08","slug":"o-nas","status":"publish","type":"page","link":"https:\/\/fotonareks.si\/nov\/index.php\/o-nas\/","title":{"rendered":"O nas"},"content":{"rendered":"\n<p>Ukvarjamo se s studijsko fotografijo (portreti, dru\u017einska in skupinska fotografiranja itd.) ter s fotografiranjem na terenu kot so poroke slovesnosti in reporta\u017ee.<\/p>\n\n\n\n<p>Svoje znanje nenehno izpopolnjujemo in sledimo novostim na podro\u010dju fotografije, saj svoje delo opravljamo z veseljem in predanostjo.<\/p>\n\n\n\n<p>V na\u0161i trgovini vam ponujamo tudi pestro izbiro albumov in okvirjev za va\u0161e najlep\u0161e spomine.<\/p>\n\n\n\n<figure class=\"wp-block-gallery has-nested-images columns-default is-cropped wp-block-gallery-1 is-layout-flex wp-block-gallery-is-layout-flex\">\n<figure class=\"wp-block-image size-large\"><img loading=\"lazy\" decoding=\"async\" width=\"1024\" height=\"683\" data-id=\"758\" src=\"https:\/\/fotonareks.si\/nov\/wp-content\/uploads\/2026\/03\/007_DSC_5407-1024x683.jpg\" alt=\"\" class=\"wp-image-758\" srcset=\"https:\/\/fotonareks.si\/nov\/wp-content\/uploads\/2026\/03\/007_DSC_5407-1024x683.jpg 1024w, https:\/\/fotonareks.si\/nov\/wp-content\/uploads\/2026\/03\/007_DSC_5407-300x200.jpg 300w, https:\/\/fotonareks.si\/nov\/wp-content\/uploads\/2026\/03\/007_DSC_5407-768x512.jpg 768w, https:\/\/fotonareks.si\/nov\/wp-content\/uploads\/2026\/03\/007_DSC_5407-100x67.jpg 100w, https:\/\/fotonareks.si\/nov\/wp-content\/uploads\/2026\/03\/007_DSC_5407-1536x1024.jpg 1536w, https:\/\/fotonareks.si\/nov\/wp-content\/uploads\/2026\/03\/007_DSC_5407-2048x1365.jpg 2048w, https:\/\/fotonareks.si\/nov\/wp-content\/uploads\/2026\/03\/007_DSC_5407-450x300.jpg 450w\" sizes=\"auto, (max-width: 1024px) 100vw, 1024px\" \/><\/figure>\n\n\n\n<figure class=\"wp-block-image size-large\"><img loading=\"lazy\" decoding=\"async\" width=\"1024\" height=\"576\" data-id=\"763\" src=\"https:\/\/fotonareks.si\/nov\/wp-content\/uploads\/2026\/03\/Slovenske-Konjice-trg-Maj-2023--1024x576.jpg\" alt=\"\" class=\"wp-image-763\" srcset=\"https:\/\/fotonareks.si\/nov\/wp-content\/uploads\/2026\/03\/Slovenske-Konjice-trg-Maj-2023--1024x576.jpg 1024w, https:\/\/fotonareks.si\/nov\/wp-content\/uploads\/2026\/03\/Slovenske-Konjice-trg-Maj-2023--300x169.jpg 300w, https:\/\/fotonareks.si\/nov\/wp-content\/uploads\/2026\/03\/Slovenske-Konjice-trg-Maj-2023--768x432.jpg 768w, https:\/\/fotonareks.si\/nov\/wp-content\/uploads\/2026\/03\/Slovenske-Konjice-trg-Maj-2023--100x56.jpg 100w, https:\/\/fotonareks.si\/nov\/wp-content\/uploads\/2026\/03\/Slovenske-Konjice-trg-Maj-2023--1536x864.jpg 1536w, https:\/\/fotonareks.si\/nov\/wp-content\/uploads\/2026\/03\/Slovenske-Konjice-trg-Maj-2023--2048x1152.jpg 2048w\" sizes=\"auto, (max-width: 1024px) 100vw, 1024px\" \/><\/figure>\n\n\n\n<figure class=\"wp-block-image size-large\"><img loading=\"lazy\" decoding=\"async\" width=\"1024\" height=\"576\" data-id=\"762\" src=\"https:\/\/fotonareks.si\/nov\/wp-content\/uploads\/2026\/03\/DJI_0578-Pano-Edit-1024x576.jpg\" alt=\"\" class=\"wp-image-762\" srcset=\"https:\/\/fotonareks.si\/nov\/wp-content\/uploads\/2026\/03\/DJI_0578-Pano-Edit-1024x576.jpg 1024w, https:\/\/fotonareks.si\/nov\/wp-content\/uploads\/2026\/03\/DJI_0578-Pano-Edit-300x169.jpg 300w, https:\/\/fotonareks.si\/nov\/wp-content\/uploads\/2026\/03\/DJI_0578-Pano-Edit-768x432.jpg 768w, https:\/\/fotonareks.si\/nov\/wp-content\/uploads\/2026\/03\/DJI_0578-Pano-Edit-100x56.jpg 100w, https:\/\/fotonareks.si\/nov\/wp-content\/uploads\/2026\/03\/DJI_0578-Pano-Edit-1536x864.jpg 1536w, https:\/\/fotonareks.si\/nov\/wp-content\/uploads\/2026\/03\/DJI_0578-Pano-Edit-2048x1152.jpg 2048w\" sizes=\"auto, (max-width: 1024px) 100vw, 1024px\" \/><\/figure>\n\n\n\n<figure class=\"wp-block-image size-large\"><img loading=\"lazy\" decoding=\"async\" width=\"1024\" height=\"683\" data-id=\"761\" src=\"https:\/\/fotonareks.si\/nov\/wp-content\/uploads\/2026\/03\/094_dan-gasilca-24-1024x683.jpg\" alt=\"\" class=\"wp-image-761\" srcset=\"https:\/\/fotonareks.si\/nov\/wp-content\/uploads\/2026\/03\/094_dan-gasilca-24-1024x683.jpg 1024w, https:\/\/fotonareks.si\/nov\/wp-content\/uploads\/2026\/03\/094_dan-gasilca-24-300x200.jpg 300w, https:\/\/fotonareks.si\/nov\/wp-content\/uploads\/2026\/03\/094_dan-gasilca-24-768x512.jpg 768w, https:\/\/fotonareks.si\/nov\/wp-content\/uploads\/2026\/03\/094_dan-gasilca-24-100x67.jpg 100w, https:\/\/fotonareks.si\/nov\/wp-content\/uploads\/2026\/03\/094_dan-gasilca-24-1536x1024.jpg 1536w, https:\/\/fotonareks.si\/nov\/wp-content\/uploads\/2026\/03\/094_dan-gasilca-24-2048x1365.jpg 2048w, https:\/\/fotonareks.si\/nov\/wp-content\/uploads\/2026\/03\/094_dan-gasilca-24-450x300.jpg 450w\" sizes=\"auto, (max-width: 1024px) 100vw, 1024px\" \/><\/figure>\n\n\n\n<figure class=\"wp-block-image size-large\"><img loading=\"lazy\" decoding=\"async\" width=\"1024\" height=\"683\" data-id=\"759\" src=\"https:\/\/fotonareks.si\/nov\/wp-content\/uploads\/2026\/03\/046_trg-Konjice-1024x683.jpg\" alt=\"\" class=\"wp-image-759\" srcset=\"https:\/\/fotonareks.si\/nov\/wp-content\/uploads\/2026\/03\/046_trg-Konjice-1024x683.jpg 1024w, https:\/\/fotonareks.si\/nov\/wp-content\/uploads\/2026\/03\/046_trg-Konjice-300x200.jpg 300w, https:\/\/fotonareks.si\/nov\/wp-content\/uploads\/2026\/03\/046_trg-Konjice-768x512.jpg 768w, https:\/\/fotonareks.si\/nov\/wp-content\/uploads\/2026\/03\/046_trg-Konjice-100x67.jpg 100w, https:\/\/fotonareks.si\/nov\/wp-content\/uploads\/2026\/03\/046_trg-Konjice-1536x1024.jpg 1536w, https:\/\/fotonareks.si\/nov\/wp-content\/uploads\/2026\/03\/046_trg-Konjice-2048x1365.jpg 2048w, https:\/\/fotonareks.si\/nov\/wp-content\/uploads\/2026\/03\/046_trg-Konjice-450x300.jpg 450w\" sizes=\"auto, (max-width: 1024px) 100vw, 1024px\" \/><\/figure>\n<\/figure>\n","protected":false},"excerpt":{"rendered":"<p>Ukvarjamo se s studijsko fotografijo (portreti, dru\u017einska in skupinska fotografiranja itd.) ter s fotografiranjem na terenu kot so poroke slovesnosti in reporta\u017ee. Svoje znanje nenehno izpopolnjujemo in sledimo novostim na podro\u010dju fotografije, saj svoje delo opravljamo z veseljem in predanostjo. V na\u0161i trgovini vam ponujamo tudi pestro izbiro albumov in okvirjev za va\u0161e najlep\u0161e spomine.<\/p>\n","protected":false},"author":1,"featured_media":0,"parent":0,"menu_order":0,"comment_status":"closed","ping_status":"closed","template":"","meta":{"footnotes":""},"class_list":["post-723","page","type-page","status-publish","hentry"],"_links":{"self":[{"href":"https:\/\/fotonareks.si\/nov\/index.php\/wp-json\/wp\/v2\/pages\/723","targetHints":{"allow":["GET"]}}],"collection":[{"href":"https:\/\/fotonareks.si\/nov\/index.php\/wp-json\/wp\/v2\/pages"}],"about":[{"href":"https:\/\/fotonareks.si\/nov\/index.php\/wp-json\/wp\/v2\/types\/page"}],"author":[{"embeddable":true,"href":"https:\/\/fotonareks.si\/nov\/index.php\/wp-json\/wp\/v2\/users\/1"}],"replies":[{"embeddable":true,"href":"https:\/\/fotonareks.si\/nov\/index.php\/wp-json\/wp\/v2\/comments?post=723"}],"version-history":[{"count":3,"href":"https:\/\/fotonareks.si\/nov\/index.php\/wp-json\/wp\/v2\/pages\/723\/revisions"}],"predecessor-version":[{"id":765,"href":"https:\/\/fotonareks.si\/nov\/index.php\/wp-json\/wp\/v2\/pages\/723\/revisions\/765"}],"wp:attachment":[{"href":"https:\/\/fotonareks.si\/nov\/index.php\/wp-json\/wp\/v2\/media?parent=723"}],"curies":[{"name":"wp","href":"https:\/\/api.w.org\/{rel}","templated":true}]}}